{"id":2,"date":"2020-09-11T11:18:46","date_gmt":"2020-09-11T09:18:46","guid":{"rendered":"https:\/\/www.skauti-plzen.cz\/bilastrelka\/?page_id=2"},"modified":"2020-10-13T21:10:48","modified_gmt":"2020-10-13T19:10:48","slug":"zkusebni-stranka","status":"publish","type":"page","link":"https:\/\/www.skauti-plzen.cz\/14bilastrela\/","title":{"rendered":"B\u00edl\u00e1 st\u0159ela"},"content":{"rendered":"\n<p class=\"has-text-align-center\">Jsme odd\u00edl mlad\u0161\u00edch \u010dlen\u016f, kter\u00fd svou \u010dinnost\u00ed pln\u00ed radost\u00ed du\u0161e d\u011btsk\u00e9 \u010dlensk\u00e9 z\u00e1kladny a nem\u00e9n\u011b t\u00e9\u017e dosp\u011bl\u00fdm. Jsme v\u011brn\u00ed a hrd\u00ed sv\u00e9 historii a tradic\u00edm. <\/p>\n\n\n\n<p class=\"has-text-align-center\">Dosp\u011bl\u00ed \u010dekaj\u00ed cel\u00fd t\u00fdden na p\u00e1tek, cel\u00fd rok na l\u00e9to a cel\u00fd \u017eivot na \u0161t\u011bst\u00ed. D\u011bti nemaj\u00ed \u010das na blbosti. Jsou \u0161\u0165astn\u00e9 te\u010f.<\/p>\n\n\n\n<h2 class=\"has-text-align-center wp-block-heading\">Dru\u017einy<\/h2>\n\n\n\n<div class=\"wp-block-columns alignwide is-layout-flex wp-container-core-columns-is-layout-9d6595d7 wp-block-columns-is-layout-flex\">\n<div class=\"wp-block-column is-layout-flow wp-block-column-is-layout-flow\">\n<p class=\"has-text-align-center has-large-font-size\"><strong>Ost\u0159\u00ed\u017ei<\/strong><\/p>\n\n\n\n<p class=\"has-text-align-center\"><em>Dantes<\/em> <\/p>\n<\/div>\n\n\n\n<div class=\"wp-block-column is-layout-flow wp-block-column-is-layout-flow\">\n<p class=\"has-text-align-center has-large-font-size\"><strong>Vydry<\/strong><\/p>\n\n\n\n<p class=\"has-text-align-center\"><em>Mark\u00e9tka<\/em><\/p>\n<\/div>\n\n\n\n<div class=\"wp-block-column is-layout-flow wp-block-column-is-layout-flow\">\n<p class=\"has-text-align-center has-large-font-size\"><strong>Rysov\u00e9<\/strong><\/p>\n\n\n\n<p class=\"has-text-align-center\">dru\u017eina dosp\u011bl\u00fdch \u010dlen\u016f<\/p>\n<\/div>\n\n\n\n<div class=\"wp-block-column is-layout-flow wp-block-column-is-layout-flow\">\n<p class=\"has-text-align-center has-large-font-size\"><strong>Rackov\u00e9<\/strong><\/p>\n\n\n\n<p class=\"has-text-align-center\">dru\u017eina dosp\u011bl\u00fdch \u010dlen\u016f<\/p>\n<\/div>\n<\/div>\n\n\n\n<h2 class=\"has-text-align-center wp-block-heading\">Novinky<\/h2>\n\n\n\n<div class=\"wp-block-columns alignwide is-layout-flex wp-container-core-columns-is-layout-9d6595d7 wp-block-columns-is-layout-flex\">\n<div class=\"wp-block-column is-layout-flow wp-block-column-is-layout-flow\">\n<h3 class=\"wp-block-heading\">Aktuality<\/h3>\n\n\n<ul class=\"wp-block-latest-posts__list has-dates alignleft h3 wp-block-latest-posts\"><li><a class=\"wp-block-latest-posts__post-title\" href=\"https:\/\/www.skauti-plzen.cz\/14bilastrela\/2021\/02\/18\/maateho-hra\/\">MAATEHO HRA<\/a><time datetime=\"2021-02-18T10:43:58+01:00\" class=\"wp-block-latest-posts__post-date\">18. 2. 2021<\/time><\/li>\n<li><a class=\"wp-block-latest-posts__post-title\" href=\"https:\/\/www.skauti-plzen.cz\/14bilastrela\/2020\/09\/11\/ahoj-vsichni\/\">Ahoj v\u0161ichni!<\/a><time datetime=\"2020-09-11T11:18:46+02:00\" class=\"wp-block-latest-posts__post-date\">11. 9. 2020<\/time><\/li>\n<\/ul><\/div>\n\n\n\n<div class=\"wp-block-column is-layout-flow wp-block-column-is-layout-flow\">\n<h3 class=\"wp-block-heading\">Pl\u00e1novan\u00e9 akce<\/h3>\n\n\n\n<p>Aktu\u00e1ln\u011b neprob\u00edh\u00e1 b\u011b\u017en\u00e1 skautsk\u00e1 \u010dinnost. <\/p>\n<\/div>\n<\/div>\n\n\n\n<h2 class=\"has-text-align-center wp-block-heading\">Na\u0161i vedouc\u00ed<\/h2>\n\n\n\n<div class=\"wp-block-columns alignwide is-layout-flex wp-container-core-columns-is-layout-9d6595d7 wp-block-columns-is-layout-flex\">\n<div class=\"wp-block-column is-layout-flow wp-block-column-is-layout-flow\" style=\"flex-basis:66.66%\">\n<p>Skautsk\u00e9 odd\u00edly vedou dosp\u011bl\u00ed dobrovoln\u00edci, kte\u0159\u00ed jsou zodpov\u011bdn\u00ed za bezpe\u010dnost, program a fungov\u00e1n\u00ed odd\u00edlu. Aby se vedouc\u00edmi mohli st\u00e1t, mus\u00ed proj\u00edt zdravotnick\u00fdm a vzd\u011bl\u00e1vac\u00edm kurzem, kter\u00e9 jim p\u0159inesou rozhled, znalosti a kvalifikaci certifikovanou Ministerstvem \u0161kolstv\u00ed, ml\u00e1de\u017ee a t\u011blov\u00fdchovy. To v\u0161e ve sv\u00e9m voln\u00e9m \u010dase a bez n\u00e1roku na finan\u010dn\u00ed odm\u011bnu.<\/p>\n<\/div>\n\n\n\n<div class=\"wp-block-column is-vertically-aligned-top is-layout-flow wp-block-column-is-layout-flow\" style=\"flex-basis:33.33%\">\n<p>Vedouc\u00ed na to v\u0161echno nejsou \u00fapln\u011b sami. Pom\u00e1haj\u00ed jim tzv. r\u00e1dci \u2013 skauti a skautky mezi 13 a 15 lety, kte\u0159\u00ed maj\u00ed z\u00e1jem pod\u00edlet se na p\u0159\u00edprav\u011b programu. U\u010d\u00ed se tak spolupr\u00e1ci, odpov\u011bdnosti, \u0159\u00edzen\u00ed t\u00fdmu nebo komunikaci.<\/p>\n<\/div>\n<\/div>\n\n\n\n<div class=\"wp-block-columns alignwide is-layout-flex wp-container-core-columns-is-layout-9d6595d7 wp-block-columns-is-layout-flex\">\n<div class=\"wp-block-column is-layout-flow wp-block-column-is-layout-flow\">\n<h5 class=\"has-text-align-center wp-block-heading\">Pad\u00e1k<\/h5>\n\n\n\n<h6 class=\"has-text-align-center wp-block-heading\">Vladim\u00edr Singer<\/h6>\n\n\n\n<p class=\"has-text-align-center\"><em>vedouc\u00ed odd\u00edlu<\/em> <\/p>\n<\/div>\n\n\n\n<div class=\"wp-block-column is-layout-flow wp-block-column-is-layout-flow\">\n<h5 class=\"has-text-align-center wp-block-heading\">Silver<\/h5>\n\n\n\n<h6 class=\"has-text-align-center wp-block-heading\">JAN JANDURA<\/h6>\n\n\n\n<p class=\"has-text-align-center\"><em>z\u00e1stupce vedouc\u00edho odd\u00edlu<\/em><\/p>\n<\/div>\n\n\n\n<div class=\"wp-block-column is-layout-flow wp-block-column-is-layout-flow\">\n<h5 class=\"has-text-align-center wp-block-heading\">Kvapn\u00edk<\/h5>\n\n\n\n<h6 class=\"has-text-align-center wp-block-heading\">Martin Pol\u00e1k<\/h6>\n\n\n\n<p class=\"has-text-align-center\"><em>r\u00e1dce odd\u00edlu<\/em><\/p>\n<\/div>\n\n\n\n<div class=\"wp-block-column is-layout-flow wp-block-column-is-layout-flow\">\n<h5 class=\"has-text-align-center wp-block-heading\">Ladislav<\/h5>\n\n\n\n<h6 class=\"has-text-align-center wp-block-heading\">Ladislav Matou\u0161<\/h6>\n\n\n\n<p class=\"has-text-align-center\"><em>r\u00e1dce odd\u00edlu<\/em><\/p>\n<\/div>\n<\/div>\n\n\n\n<h2 class=\"has-text-align-center wp-block-heading\">Kde n\u00e1s najdete<\/h2>\n\n\n\n<div class=\"wp-block-columns alignwide is-layout-flex wp-container-core-columns-is-layout-9d6595d7 wp-block-columns-is-layout-flex\">\n<div class=\"wp-block-column is-layout-flow wp-block-column-is-layout-flow\">\n<figure class=\"wp-block-gallery columns-1 is-cropped wp-block-gallery-1 is-layout-flex wp-block-gallery-is-layout-flex\"><ul class=\"blocks-gallery-grid\"><li class=\"blocks-gallery-item\"><figure><img loading=\"lazy\" decoding=\"async\" width=\"952\" height=\"1024\" src=\"https:\/\/www.skauti-plzen.cz\/14bilastrela\/wp-content\/uploads\/sites\/9\/2020\/10\/Logo2-barevne-952x1024.png\" alt=\"\" data-id=\"12\" data-full-url=\"https:\/\/www.skauti-plzen.cz\/14bilastrela\/wp-content\/uploads\/sites\/9\/2020\/10\/Logo2-barevne.png\" data-link=\"https:\/\/www.skauti-plzen.cz\/14bilastrela\/zkusebni-stranka\/logo2-barevne\/\" class=\"wp-image-12\" srcset=\"https:\/\/www.skauti-plzen.cz\/14bilastrela\/wp-content\/uploads\/sites\/9\/2020\/10\/Logo2-barevne-952x1024.png 952w, https:\/\/www.skauti-plzen.cz\/14bilastrela\/wp-content\/uploads\/sites\/9\/2020\/10\/Logo2-barevne-279x300.png 279w, https:\/\/www.skauti-plzen.cz\/14bilastrela\/wp-content\/uploads\/sites\/9\/2020\/10\/Logo2-barevne-768x826.png 768w, https:\/\/www.skauti-plzen.cz\/14bilastrela\/wp-content\/uploads\/sites\/9\/2020\/10\/Logo2-barevne-1429x1536.png 1429w, https:\/\/www.skauti-plzen.cz\/14bilastrela\/wp-content\/uploads\/sites\/9\/2020\/10\/Logo2-barevne-1905x2048.png 1905w, https:\/\/www.skauti-plzen.cz\/14bilastrela\/wp-content\/uploads\/sites\/9\/2020\/10\/Logo2-barevne-1200x1290.png 1200w, https:\/\/www.skauti-plzen.cz\/14bilastrela\/wp-content\/uploads\/sites\/9\/2020\/10\/Logo2-barevne-1980x2129.png 1980w\" sizes=\"auto, (max-width: 952px) 100vw, 952px\" \/><\/figure><\/li><\/ul><\/figure>\n<\/div>\n\n\n\n<div class=\"wp-block-column is-layout-flow wp-block-column-is-layout-flow\">\n<p class=\"has-background has-subtle-background-background-color\"><br><strong>Jun\u00e1k \u2013 \u010desk\u00fd skaut,<\/strong><br><strong>st\u0159edisko Jo\u017eky Knappa Plze\u0148, z. s.<\/strong><br><strong>14. odd\u00edl B\u00edl\u00e1 st\u0159ela<\/strong><br>Hlubok\u00e1 19<br>Plze\u0148<br>326 00<br><\/p>\n<\/div>\n\n\n\n<div class=\"wp-block-column is-layout-flow wp-block-column-is-layout-flow\">\n<p class=\"has-background has-secondary-background-color\"><br>+420 702 298 697<br> vladimir.singer@seznam.cz<br><br><strong>Vladim\u00edr Singer<br><\/strong><em> v\u016fdce odd\u00edlu <\/em><\/p>\n<\/div>\n\n\n\n<div class=\"wp-block-column is-layout-flow wp-block-column-is-layout-flow\">\n<figure class=\"wp-block-image size-large is-style-circle-mask\"><img loading=\"lazy\" decoding=\"async\" width=\"527\" height=\"431\" src=\"https:\/\/www.skauti-plzen.cz\/14bilastrela\/wp-content\/uploads\/sites\/9\/2020\/10\/BS-klubovna.png\" alt=\"\" class=\"wp-image-13\" srcset=\"https:\/\/www.skauti-plzen.cz\/14bilastrela\/wp-content\/uploads\/sites\/9\/2020\/10\/BS-klubovna.png 527w, https:\/\/www.skauti-plzen.cz\/14bilastrela\/wp-content\/uploads\/sites\/9\/2020\/10\/BS-klubovna-300x245.png 300w\" sizes=\"auto, (max-width: 527px) 100vw, 527px\" \/><\/figure>\n<\/div>\n<\/div>\n\n\n\n<p><\/p>\n\n\n\n<div class=\"wp-block-columns alignwide is-layout-flex wp-container-core-columns-is-layout-9d6595d7 wp-block-columns-is-layout-flex\">\n<div class=\"wp-block-column is-layout-flow wp-block-column-is-layout-flow\" style=\"flex-basis:15%\"><\/div>\n\n\n\n<div class=\"wp-block-column is-layout-flow wp-block-column-is-layout-flow\" style=\"flex-basis:70%\"><iframe loading=\"lazy\" style=\"border:none\" src=\"https:\/\/frame.mapy.cz\/s\/gosekezaka\" width=\"400\" height=\"280\" frameborder=\"0\"><\/iframe>\n<\/div>\n\n\n\n<div class=\"wp-block-column is-layout-flow wp-block-column-is-layout-flow\" style=\"flex-basis:15%\"><\/div>\n<\/div>\n\n\n\n<p><\/p>\n","protected":false},"excerpt":{"rendered":"<p>Jsme odd\u00edl mlad\u0161\u00edch \u010dlen\u016f, kter\u00fd svou \u010dinnost\u00ed pln\u00ed radost\u00ed du\u0161e d\u011btsk\u00e9 \u010dlensk\u00e9 z\u00e1kladny a nem\u00e9n\u011b t\u00e9\u017e dosp\u011bl\u00fdm. Jsme v\u011brn\u00ed a hrd\u00ed sv\u00e9 historii a tradic\u00edm. Dosp\u011bl\u00ed \u010dekaj\u00ed cel\u00fd t\u00fdden na p\u00e1tek, cel\u00fd rok na l\u00e9to a cel\u00fd \u017eivot na \u0161t\u011bst\u00ed. D\u011bti nemaj\u00ed \u010das na blbosti. Jsou \u0161\u0165astn\u00e9 te\u010f. Dru\u017einy Ost\u0159\u00ed\u017ei Dantes Vydry Mark\u00e9tka Rysov\u00e9 dru\u017eina [&hellip;]<\/p>\n","protected":false},"author":1,"featured_media":0,"parent":0,"menu_order":0,"comment_status":"closed","ping_status":"open","template":"","meta":{"footnotes":""},"class_list":["post-2","page","type-page","status-publish","hentry"],"_links":{"self":[{"href":"https:\/\/www.skauti-plzen.cz\/14bilastrela\/wp-json\/wp\/v2\/pages\/2","targetHints":{"allow":["GET"]}}],"collection":[{"href":"https:\/\/www.skauti-plzen.cz\/14bilastrela\/wp-json\/wp\/v2\/pages"}],"about":[{"href":"https:\/\/www.skauti-plzen.cz\/14bilastrela\/wp-json\/wp\/v2\/types\/page"}],"author":[{"embeddable":true,"href":"https:\/\/www.skauti-plzen.cz\/14bilastrela\/wp-json\/wp\/v2\/users\/1"}],"replies":[{"embeddable":true,"href":"https:\/\/www.skauti-plzen.cz\/14bilastrela\/wp-json\/wp\/v2\/comments?post=2"}],"version-history":[{"count":7,"href":"https:\/\/www.skauti-plzen.cz\/14bilastrela\/wp-json\/wp\/v2\/pages\/2\/revisions"}],"predecessor-version":[{"id":52,"href":"https:\/\/www.skauti-plzen.cz\/14bilastrela\/wp-json\/wp\/v2\/pages\/2\/revisions\/52"}],"wp:attachment":[{"href":"https:\/\/www.skauti-plzen.cz\/14bilastrela\/wp-json\/wp\/v2\/media?parent=2"}],"curies":[{"name":"wp","href":"https:\/\/api.w.org\/{rel}","templated":true}]}}